{"id":107,"date":"2021-03-13T10:11:56","date_gmt":"2021-03-13T10:11:56","guid":{"rendered":"https:\/\/www.gihemar.com\/web3\/?page_id=107"},"modified":"2021-03-15T16:20:10","modified_gmt":"2021-03-15T16:20:10","slug":"fuentiduena-de-tajo","status":"publish","type":"page","link":"https:\/\/www.gihemar.com\/web3\/index.php\/fuentiduena-de-tajo\/","title":{"rendered":"Fuentidue\u00f1a de Tajo"},"content":{"rendered":"\n<p>Fuentidue\u00f1a de Tajo<\/p>\n\n\n\n<p><strong>\u00b7 T\u00e9cnico:<\/strong><\/p>\n\n\n\n<p>\u00c1ngel Cano Sanz &#8211; <a href=\"mailto:acano@gihemar.com\">acano@gihemar.com<\/a><\/p>\n\n\n\n<h2 class=\"wp-block-heading\">A CONTINUACI\u00d3N PUEDEN CONSULTAR LOS<strong> SIGUIENTES DOCUMeNTOS:<\/strong><\/h2>\n\n\n\n<p><a href=\"https:\/\/www.gihemar.com\/pdf\/concentracion\/FUENTIDUENA\/plandeobras.pdf\">PLANO DEL PLAN DE OBRAS.<\/a><\/p>\n\n\n\n<p><a href=\"https:\/\/www.gihemar.com\/pdf\/concentracion\/FUENTIDUENA\/peticionlote.pdf\">Hoja de sugerencias para la adjudicac\u00f3n de las nuevas fincas.<\/a><\/p>\n\n\n\n<h3 class=\"wp-block-heading\">&nbsp;BASES PROVISIONALES DE CONCENTRACI\u00d3N:<\/h3>\n\n\n\n<p>PLANOS DE BASES.<\/p>\n\n\n\n<p><a href=\"https:\/\/www.gihemar.com\/pdf\/concentracion\/FUENTIDUENA\/bases\/P-11.pdf\">Pol\u00edgono 11&#8230;<\/a><\/p>\n\n\n\n<p><a href=\"https:\/\/www.gihemar.com\/pdf\/concentracion\/FUENTIDUENA\/bases\/P-12.pdf\">Pol\u00edgono 12..<\/a>.<\/p>\n\n\n\n<p><a href=\"https:\/\/www.gihemar.com\/pdf\/concentracion\/FUENTIDUENA\/bases\/P-15.pdf\">Pol\u00edgono 15..<\/a>.<\/p>\n\n\n\n<p><a href=\"https:\/\/www.gihemar.com\/pdf\/concentracion\/FUENTIDUENA\/bases\/P-23.pdf\">Pol\u00edgono 23..<\/a>.<\/p>\n\n\n\n<p><a href=\"https:\/\/www.gihemar.com\/pdf\/concentracion\/FUENTIDUENA\/bases\/GENERAL_CON_CLASES.pdf\">General&#8230;<\/a><\/p>\n\n\n\n<p><a href=\"https:\/\/www.gihemar.com\/pdf\/concentracion\/FUENTIDUENA\/bases\/GENERAL_CON_FOTO.pdf\">General con Ortofoto..<\/a>.<\/p>\n\n\n\n<p>LISTADO DE PARCELAS.<\/p>\n\n\n\n<p><a href=\"https:\/\/www.gihemar.com\/pdf\/concentracion\/FUENTIDUENA\/bases\/LISTADO_DE_PARCELAS.pdf\">Listado de parcelas.<\/a><\/p>\n\n\n\n<hr class=\"wp-block-separator\"\/>\n\n\n\n<hr class=\"wp-block-separator\"\/>\n\n\n\n<hr class=\"wp-block-separator\"\/>\n\n\n\n<p><strong>El 29\/07\/2015 ha tenido lugar una Asamblea informativa con la finalidad de dar a conocer a todos los titulares de parcelas, la reciente Delimitaci\u00f3n del Dominio P\u00fablico Hidr\u00e1ulico realizada por Confederaci\u00f3n Hidrogr\u00e1fica del Tajo y su repercusi\u00f3n sobre las parcelas a concentrar.<\/strong><\/p>\n\n\n\n<p><strong>La Consejer\u00eda de Medio Ambiente, Administraci\u00f3n Local y Ordenaci\u00f3n del Territorio ha abierto un tr\u00e1mite de audiencia que finalizar\u00e1 el pr\u00f3ximo 28\/08\/2015 con la finalidad de que los propietarios puedan, una vez analizada la repercusi\u00f3n que la delimitaci\u00f3n del dominio tiene sobre sus parcelas, decidir acerca de si desean que las parcelas afectadas sean finalmente excluidas del proceso de concentraci\u00f3n.<br>La relaci\u00f3n de parcelas afectadas y el plano de delimitaci\u00f3n del Dominio P\u00fablico Hidra\u00falico puede verlas en los archivos siguientes&nbsp;<\/strong><\/p>\n\n\n\n<p><a href=\"https:\/\/www.gihemar.com\/cartodigital\/gis\/temp\/fuentiduena\/Poveda2.pdf\">CP La Poveda Plano delimitaci\u00f3n\u2026<\/a><\/p>\n\n\n\n<p><a href=\"https:\/\/www.gihemar.com\/cartodigital\/gis\/temp\/fuentiduena\/Poveda1.pdf\">CP La Poveda Relaci\u00f3n parcelas\u2026<\/a><\/p>\n\n\n\n<hr class=\"wp-block-separator\"\/>\n\n\n\n<hr class=\"wp-block-separator\"\/>\n\n\n\n<hr class=\"wp-block-separator\"\/>\n\n\n\n<p><strong>DECLARACI\u00d3N DEL PER\u00cdMETRO A CONCETRAR PUBLICADO EN EL BOCM.<\/strong><\/p>\n\n\n\n<p><strong><a href=\"https:\/\/www.gihemar.com\/pdf\/concentracion\/FUENTIDUENA\/BOCM.pdf\">Publicaci\u00f3n&#8230;<\/a><\/strong><\/p>\n\n\n\n<p><strong>publicaci\u00f3n aviso de investigaci\u00f3n de la propiedad.<\/strong><\/p>\n\n\n\n<p><a href=\"..\/pdf\/concentracion\/FUENTIDUENA\/INVESTIGACION.pdf\"><\/a><strong><a href=\"https:\/\/www.gihemar.com\/pdf\/concentracion\/FUENTIDUENA\/INVESTIGACION.pdf\">Publicaci\u00f3n&#8230;<\/a><\/strong><\/p>\n\n\n\n<p><strong>CONVOCATORIA ASAMBLEA A LOS PARTICIPANTES EN LA CONCENTRACI\u00d3N.<\/strong><\/p>\n\n\n\n<p><a href=\"https:\/\/www.gihemar.com\/pdf\/concentracion\/FUENTIDUENA\/CONVOCATORIA.pdf\">Convocatoria&#8230;<\/a> G M T<\/p>\n\n\n\n<figure id=\"SL_tables\" class=\"wp-block-table\"><table><tbody><tr><td><\/td><td><\/td><td><\/td><td><\/td><td><\/td><td><\/td><td><\/td><td><\/td><td><\/td><td><\/td><td><\/td><\/tr><\/tbody><\/table><\/figure>\n\n\n\n<p><\/p>\n","protected":false},"excerpt":{"rendered":"<p>Fuentidue\u00f1a de Tajo \u00b7 T\u00e9cnico: \u00c1ngel Cano Sanz &#8211; acano@gihemar.com A CONTINUACI\u00d3N PUEDEN CONSULTAR LOS SIGUIENTES DOCUMeNTOS: PLANO DEL PLAN DE OBRAS. Hoja de sugerencias para la adjudicac\u00f3n de las nuevas fincas. &nbsp;BASES PROVISIONALES DE CONCENTRACI\u00d3N: PLANOS DE BASES. Pol\u00edgono 11&#8230; Pol\u00edgono 12&#8230; Pol\u00edgono 15&#8230; Pol\u00edgono 23&#8230; General&#8230; General con Ortofoto&#8230; LISTADO DE PARCELAS. Listado [&hellip;]<\/p>\n","protected":false},"author":2,"featured_media":0,"parent":0,"menu_order":0,"comment_status":"closed","ping_status":"closed","template":"","meta":{"footnotes":""},"class_list":["post-107","page","type-page","status-publish","hentry"],"_links":{"self":[{"href":"https:\/\/www.gihemar.com\/web3\/index.php\/wp-json\/wp\/v2\/pages\/107","targetHints":{"allow":["GET"]}}],"collection":[{"href":"https:\/\/www.gihemar.com\/web3\/index.php\/wp-json\/wp\/v2\/pages"}],"about":[{"href":"https:\/\/www.gihemar.com\/web3\/index.php\/wp-json\/wp\/v2\/types\/page"}],"author":[{"embeddable":true,"href":"https:\/\/www.gihemar.com\/web3\/index.php\/wp-json\/wp\/v2\/users\/2"}],"replies":[{"embeddable":true,"href":"https:\/\/www.gihemar.com\/web3\/index.php\/wp-json\/wp\/v2\/comments?post=107"}],"version-history":[{"count":7,"href":"https:\/\/www.gihemar.com\/web3\/index.php\/wp-json\/wp\/v2\/pages\/107\/revisions"}],"predecessor-version":[{"id":366,"href":"https:\/\/www.gihemar.com\/web3\/index.php\/wp-json\/wp\/v2\/pages\/107\/revisions\/366"}],"wp:attachment":[{"href":"https:\/\/www.gihemar.com\/web3\/index.php\/wp-json\/wp\/v2\/media?parent=107"}],"curies":[{"name":"wp","href":"https:\/\/api.w.org\/{rel}","templated":true}]}}