{"id":109,"date":"2021-03-13T10:12:06","date_gmt":"2021-03-13T10:12:06","guid":{"rendered":"https:\/\/www.gihemar.com\/web3\/?page_id=109"},"modified":"2022-10-07T09:15:13","modified_gmt":"2022-10-07T09:15:13","slug":"villamanrique-de-tajo","status":"publish","type":"page","link":"https:\/\/www.gihemar.com\/web3\/index.php\/villamanrique-de-tajo\/","title":{"rendered":"TIELMES"},"content":{"rendered":"<section data-id=\"84c319e\" data-element_type=\"section\" data-settings=\"{&quot;ekit_has_onepagescroll_dot&quot;:&quot;yes&quot;}\">\n<h2>\u2590 Concentraci\u00f3n Parcelaria de TIELMES<\/h2>\n<\/section>\n<section data-id=\"4ecba10\" data-element_type=\"section\" data-settings=\"{&quot;ekit_has_onepagescroll_dot&quot;:&quot;yes&quot;}\">\n<p style=\"mso-margin-top-alt: auto; mso-margin-bottom-alt: auto; text-align: justify;\">Tras la realizaci\u00f3n en 2021 del Estudio de Viabilidad de la concentraci\u00f3n parcelaria de la Vega del Taju\u00f1a y, habida cuenta de los resultados del mismo en el municipio y del inter\u00e9s mostrado tanto por el Ayuntamiento de Tielmes, c\u00f3mo por la Comunidad de Regantes de Tielmes, la Comunidad de Madrid ha tomado la decisi\u00f3n de poner en marcha los <strong>Trabajos para la Dinamizaci\u00f3n de la Concentraci\u00f3n Parcelaria en la zona regable de Tielmes (Madrid) y, en su caso, Estudio T\u00e9cnico Previo de Viabilidad.<\/strong><\/p>\n<p style=\"mso-margin-top-alt: auto; mso-margin-bottom-alt: auto; text-align: justify;\">\u00a0<\/p>\n<p style=\"mso-margin-top-alt: auto; mso-margin-bottom-alt: auto; text-align: justify;\">El Valle del Taju\u00f1a goza de un potencial muy significativo en el desarrollo agrario de la Comunidad de Madrid. Sin embargo, la gesti\u00f3n poco eficiente de los recursos h\u00eddricos, la inadecuada estructura de la propiedad y el escaso relevo generacional, han ido mermando las posibilidades de desarrollo de la Vega del Taju\u00f1a. En consecuencia, los agricultores y ganaderos se ven limitados a los cultivos tradicionales debido a la imposibilidad de modernizar sus zonas regables por la actual estructura de la propiedad, caracterizada por la existencia de gran cantidad de parcelas de peque\u00f1as dimensiones. La consecuencia final son <strong>explotaciones poco productivas y el paulatino abandono de la actividad agroganadera<\/strong>.<\/p>\n<p style=\"mso-margin-top-alt: auto; mso-margin-bottom-alt: auto; text-align: justify;\">\u00a0<\/p>\n<p style=\"mso-margin-top-alt: auto; mso-margin-bottom-alt: auto; text-align: justify;\">En este escenario, cabe recordar que el Decreto 20\/92, declar\u00f3 de Inter\u00e9s General la conentraci\u00f3n parcelaria\u00a0 de la comarca de \u00abLas Vegas\u00bb.<\/p>\n<p style=\"mso-margin-top-alt: auto; mso-margin-bottom-alt: auto; text-align: justify;\">\u00a0<\/p>\n<p style=\"mso-margin-top-alt: auto; mso-margin-bottom-alt: auto; text-align: justify;\">La Comunidad de Madrid est\u00e1 convencida de los beneficios que suponen para los propietarios y para la zona, llevar a cabo la<em><b> CONCENTRACI\u00d3N PARCELARIA DE LA ZONA REGABLE DE TIELMES, <\/b><\/em>subray\u00e1ndose los siguientes:<\/p>\n<ol start=\"1\" type=\"1\">\n<li style=\"mso-margin-top-alt: auto; mso-margin-bottom-alt: auto; text-align: justify; mso-list: l0 level1 lfo1; tab-stops: list 36.0pt;\">Mejora y ampliaci\u00f3n de los regad\u00edos existentes.<\/li>\n<li style=\"mso-margin-top-alt: auto; mso-margin-bottom-alt: auto; text-align: justify; mso-list: l0 level1 lfo1; tab-stops: list 36.0pt;\">Adjudicaci\u00f3n a cada propietario, en el menor n\u00famero posible de fincas, de una superficie y valor igual al de las parcelas aportadas.<\/li>\n<li style=\"mso-margin-top-alt: auto; mso-margin-bottom-alt: auto; text-align: justify; mso-list: l0 level1 lfo1; tab-stops: list 36.0pt;\">Constituci\u00f3n y ampliaci\u00f3n de explotaciones agrarias de caracter\u00edsticas socio-econ\u00f3micas adecuadas.<\/li>\n<li style=\"mso-margin-top-alt: auto; mso-margin-bottom-alt: auto; text-align: justify; mso-list: l0 level1 lfo1; tab-stops: list 36.0pt;\">Realizaci\u00f3n de explotaciones agrarias entre propietarios (c\u00f3nyuges o familiares) para la mejor valoraci\u00f3n de las fincas.<\/li>\n<li style=\"mso-margin-top-alt: auto; mso-margin-bottom-alt: auto; text-align: justify; mso-list: l0 level1 lfo1; tab-stops: list 36.0pt;\">Dotaci\u00f3n a las nuevas fincas de acceso directo a las v\u00edas de comunicaci\u00f3n.<\/li>\n<li style=\"mso-margin-top-alt: auto; mso-margin-bottom-alt: auto; text-align: justify; mso-list: l0 level1 lfo1; tab-stops: list 36.0pt;\">Entrega al propietario un nuevo t\u00edtulo de propiedad.<\/li>\n<li style=\"mso-margin-top-alt: auto; mso-margin-bottom-alt: auto; text-align: justify; mso-list: l0 level1 lfo1; tab-stops: list 36.0pt;\">Revalorizaci\u00f3n de las fincas por incremento de tama\u00f1o e infraestructuras.<\/li>\n<li style=\"mso-margin-top-alt: auto; mso-margin-bottom-alt: auto; text-align: justify; mso-list: l0 level1 lfo1; tab-stops: list 36.0pt;\">Desarrollo del medio rural por mejora de las condiciones de vida en la zona.<\/li>\n<\/ol>\n<p style=\"mso-margin-top-alt: auto; mso-margin-bottom-alt: auto; margin-left: 36.0pt; text-align: justify;\">\u00a0<\/p>\n<p style=\"mso-margin-top-alt: auto; mso-margin-bottom-alt: auto; text-align: justify;\">Todas las acciones concernientes al proceso de concentraci\u00f3n parcelaria est\u00e1n financiadas al 100% por la Comunidad de Madrid, el fondo FEADER y la Administraci\u00f3n General de Estado, por lo que no exigen ning\u00fan desembolso ni para el propietario, ni para el Ayuntamiento, ni para la Asociaci\u00f3n de Agricultores y Propietarios de R\u00fastica ni para la Comunidad de Regantes.<\/p>\n<p style=\"mso-margin-top-alt: auto; mso-margin-bottom-alt: auto; text-align: justify;\">\u00a0<\/p>\n<p style=\"mso-margin-top-alt: auto; mso-margin-bottom-alt: auto; text-align: justify;\">Hay que recordar que seg\u00fan el art\u00edculo 180 de la Ley de Reforma y Desarrollo Agrario, para que una concentraci\u00f3n parcelaria pueda ser iniciada ha de ser a petici\u00f3n de m\u00e1s del <strong><u>50% de los propietarios<\/u><\/strong> de la zona a concentrar o bien de un n\u00famero cualquiera de ellos a quienes pertenezcan m\u00e1s del <strong><u>75% de la superficie<\/u><\/strong> a concentrar.<\/p>\n<p style=\"mso-margin-top-alt: auto; mso-margin-bottom-alt: auto; text-align: justify;\">\u00a0<\/p>\n<p style=\"mso-margin-top-alt: auto; mso-margin-bottom-alt: auto; text-align: justify;\">Por todo ello, se publica, tanto el modelo de carta remitida a cada uno de los titulares catastrales, c\u00f3mo el formulario de <strong>\u201cMANIFESTACI\u00d3N DE CONFORMIDAD Y SOLICITUD DE INICIO DEL PROCESO DE CONCENTRACI\u00d3N PARCELARIA DE LA ZONA REGABLE DE TIELMES (MADRID)\u201d.<\/strong><\/p>\n<p style=\"mso-margin-top-alt: auto; mso-margin-bottom-alt: auto; text-align: justify;\">\u00a0<\/p>\n<p style=\"mso-margin-top-alt: auto; mso-margin-bottom-alt: auto; text-align: justify;\">En el caso de que desee impulsar la concentraci\u00f3n parcelaria en Tielmes, rellene con sus datos y entregue el formulario de referencia a los t\u00e9cnicos de la Comunidad de Madrid que se desplazaran a la zona, t\u00e9cnicos con los que puede resolver las dudas que les puedan surgir con respecto a la informaci\u00f3n catastral que el plano refleja o a la propia concentraci\u00f3n parcelaria.<\/p>\n<p style=\"mso-margin-top-alt: auto; mso-margin-bottom-alt: auto; text-align: justify;\">\u00a0<\/p>\n<p style=\"mso-margin-top-alt: auto; mso-margin-bottom-alt: auto; text-align: justify;\">La recogida de los formularios se realizar\u00e1 en horario de 10:00 a 14:00 en el Ayuntamiento solicitando cita previa en el tel\u00e9fono 91.388.35.07, donde adem\u00e1s podr\u00e1 realizar las consultas o dudas que pueda tener, los d\u00edas:<\/p>\n<ul type=\"disc\">\n<li style=\"mso-margin-top-alt: auto; mso-margin-bottom-alt: auto; text-align: justify; mso-list: l1 level1 lfo2; tab-stops: list 36.0pt;\">16, 23 y 30 de junio (jueves de la segunda quincena mes de junio)<\/li>\n<li style=\"mso-margin-top-alt: auto; mso-margin-bottom-alt: auto; text-align: justify; mso-list: l1 level1 lfo2; tab-stops: list 36.0pt;\">7, 14, 21 y 28 de julio (todos los jueves del mes de julio)<\/li>\n<li style=\"mso-margin-top-alt: auto; mso-margin-bottom-alt: auto; text-align: justify; mso-list: l1 level1 lfo2; tab-stops: list 36.0pt;\">4, 11, 18 y 25 de agosto (todos los jueves del mes de agosto)<\/li>\n<li style=\"mso-margin-top-alt: auto; mso-margin-bottom-alt: auto; text-align: justify; mso-list: l1 level1 lfo2; tab-stops: list 36.0pt;\">1, 8, 15, 22 y 29 de septiembre (todos los jueves del mes de septiembre)<\/li>\n<li style=\"mso-margin-top-alt: auto; mso-margin-bottom-alt: auto; text-align: justify; mso-list: l1 level1 lfo2; tab-stops: list 36.0pt;\">6 y 13 de octubre (los 2 jueves de la primera quincena de octubre)<\/li>\n<\/ul>\n<p style=\"mso-margin-top-alt: auto; mso-margin-bottom-alt: auto; text-align: justify;\"><strong>\u00a1Que la concentraci\u00f3n parcelaria se inicie en Tielmes, depende \u00fanica y exclusivamente de la voluntad de sus propietarios, por lo que esperamos <\/strong>que esta iniciativa cuente con el mayor apoyo posible de los titulares!.<\/p>\n<\/section>\n<h2>\u00a0<\/h2>\n<h2>\u2590 Sesi\u00f3n Informativa en Tielmes<\/h2>\n<h2>\u00a0<\/h2>\n<h2>Viernes 7 de octubre de 2022<\/h2>\n<h2>Hora: 19:00 h<\/h2>\n<h2>Lugar: Sal\u00f3n de Plenos del Ayuntamiento de Tielmes<\/h2>\n\n\n<div data-wp-interactive=\"core\/file\" class=\"wp-block-file\"><object data-wp-bind--hidden=\"!state.hasPdfPreview\" hidden class=\"wp-block-file__embed\" data=\"https:\/\/www.gihemar.com\/web3\/wp-content\/uploads\/2022\/10\/220920-CP-TielmesCartas-1.pdf\" type=\"application\/pdf\" style=\"width:100%;height:600px\" aria-label=\"Incrustado de Incrustado de 220920-CP-TielmesCartas-1..\"><\/object><a id=\"wp-block-file--media-58d29108-1f66-4b0b-aea5-2c94258e6eb4\" href=\"https:\/\/www.gihemar.com\/web3\/wp-content\/uploads\/2022\/10\/220920-CP-TielmesCartas-1.pdf\">220920-CP-TielmesCartas-1<\/a><a href=\"https:\/\/www.gihemar.com\/web3\/wp-content\/uploads\/2022\/10\/220920-CP-TielmesCartas-1.pdf\" class=\"wp-block-file__button\" download aria-describedby=\"wp-block-file--media-58d29108-1f66-4b0b-aea5-2c94258e6eb4\">Descarga<\/a><\/div>\n","protected":false},"excerpt":{"rendered":"<p>\u2590 Concentraci\u00f3n Parcelaria de TIELMES Tras la realizaci\u00f3n en 2021 del Estudio de Viabilidad de la concentraci\u00f3n parcelaria de la Vega del Taju\u00f1a y, habida cuenta de los resultados del mismo en el municipio y del inter\u00e9s mostrado tanto por el Ayuntamiento de Tielmes, c\u00f3mo por la Comunidad de Regantes de Tielmes, la Comunidad de [&hellip;]<\/p>\n","protected":false},"author":2,"featured_media":0,"parent":0,"menu_order":0,"comment_status":"closed","ping_status":"closed","template":"","meta":{"footnotes":""},"class_list":["post-109","page","type-page","status-publish","hentry"],"_links":{"self":[{"href":"https:\/\/www.gihemar.com\/web3\/index.php\/wp-json\/wp\/v2\/pages\/109","targetHints":{"allow":["GET"]}}],"collection":[{"href":"https:\/\/www.gihemar.com\/web3\/index.php\/wp-json\/wp\/v2\/pages"}],"about":[{"href":"https:\/\/www.gihemar.com\/web3\/index.php\/wp-json\/wp\/v2\/types\/page"}],"author":[{"embeddable":true,"href":"https:\/\/www.gihemar.com\/web3\/index.php\/wp-json\/wp\/v2\/users\/2"}],"replies":[{"embeddable":true,"href":"https:\/\/www.gihemar.com\/web3\/index.php\/wp-json\/wp\/v2\/comments?post=109"}],"version-history":[{"count":20,"href":"https:\/\/www.gihemar.com\/web3\/index.php\/wp-json\/wp\/v2\/pages\/109\/revisions"}],"predecessor-version":[{"id":681,"href":"https:\/\/www.gihemar.com\/web3\/index.php\/wp-json\/wp\/v2\/pages\/109\/revisions\/681"}],"wp:attachment":[{"href":"https:\/\/www.gihemar.com\/web3\/index.php\/wp-json\/wp\/v2\/media?parent=109"}],"curies":[{"name":"wp","href":"https:\/\/api.w.org\/{rel}","templated":true}]}}