{"id":113,"date":"2021-03-13T10:12:30","date_gmt":"2021-03-13T10:12:30","guid":{"rendered":"https:\/\/www.gihemar.com\/web3\/?page_id=113"},"modified":"2025-08-06T17:15:26","modified_gmt":"2025-08-06T17:15:26","slug":"algar-de-mesa","status":"publish","type":"page","link":"https:\/\/www.gihemar.com\/web3\/index.php\/algar-de-mesa\/","title":{"rendered":"Algar de Mesa"},"content":{"rendered":"\t\t<div data-elementor-type=\"wp-page\" data-elementor-id=\"113\" class=\"elementor elementor-113\" data-elementor-settings=\"[]\">\n\t\t\t\t\t\t\t<div class=\"elementor-section-wrap\">\n\t\t\t\t\t\t\t<section class=\"elementor-section elementor-top-section elementor-element elementor-element-5a34ef51 elementor-section-boxed elementor-section-height-default elementor-section-height-default\" data-id=\"5a34ef51\" data-element_type=\"section\">\n\t\t\t\t\t\t<div class=\"elementor-container elementor-column-gap-default\">\n\t\t\t\t\t<div class=\"elementor-column elementor-col-100 elementor-top-column elementor-element elementor-element-7908a2f3\" data-id=\"7908a2f3\" data-element_type=\"column\">\n\t\t\t<div class=\"elementor-widget-wrap elementor-element-populated\">\n\t\t\t\t\t\t\t\t<div class=\"elementor-element elementor-element-67831339 elementor-widget elementor-widget-text-editor\" data-id=\"67831339\" data-element_type=\"widget\" data-widget_type=\"text-editor.default\">\n\t\t\t\t<div class=\"elementor-widget-container\">\n\t\t\t\t\t<div class=\"elementor-text-editor elementor-clearfix\"><h2><strong>Promotor:<\/strong> . Asociaci\u00f3n Concentraci\u00f3n Parcelaria de Algar de Mesa.<\/h2>\n<p><!-- \/wp:heading --><!-- wp:paragraph --><\/p>\n<p><strong>\u00b7 T\u00e9cnicos:<\/strong><\/p>\n<p><!-- \/wp:paragraph --><!-- wp:paragraph --><\/p>\n<p>Jes\u00fas Herrero Aragoneses- <a href=\"mailto:acano@gihemar.com\">jherrero@gihemar.com<\/a><\/p>\n<p><!-- \/wp:paragraph --><!-- wp:paragraph --><\/p>\n<p>\u00c1ngel Cano Sanz &#8211; <a href=\"mailto:acano@gihemar.com\">acano@gihemar.com<\/a><\/p>\n<p><!-- \/wp:paragraph --><!-- wp:paragraph --><\/p>\n<p>Rebeca Piquero Rodr\u00edguez &#8211; <a href=\"..\/\">rebeca@gihemar.com<\/a><\/p>\n<p><strong>\u00a0<\/strong><\/p>\n<p>\u00a0<\/p>\n<hr \/>\n<h2>ACUERDO<\/h2>\n<div><a href=\"https:\/\/www.gihemar.com\/pdf\/concentracion\/ALGAR\/ACUERDO\/9_APROBACION ACUERDO.pdf\">Publicaci\u00f3n<\/a><strong><a href=\"https:\/\/www.gihemar.com\/pdf\/concentracion\/ALGAR\/ACUERDO\/9_APROBACION ACUERDO.pdf\">:<\/a> <\/strong>Por Resoluci\u00f3n de 24\/07\/2025, de la Direcci\u00f3n General de Desarrollo Rural de Guadalajara, se aprueba el acuerdo de concentraci\u00f3n parcelaria de car\u00e1cter privado de la zona de Algar de Mesa.<\/div>\n<div>\u00a0<\/div>\n<h1 style=\"text-align: center;\"><span style=\"text-decoration: underline;\"><strong>PLANOS<\/strong><\/span><\/h1>\n<div><a href=\"https:\/\/www.gihemar.com\/pdf\/concentracion\/ALGAR\/ACUERDO\/Plano 1.- P-101.pdf\" target=\"_blank\" rel=\"noopener\">POL\u00cdGONO 101<\/a><\/div>\n<div><br \/><a href=\"https:\/\/www.gihemar.com\/pdf\/concentracion\/ALGAR\/ACUERDO\/Plano 2.- P-101 sobre planos de bases.pdf\">POL\u00cdGONO\u00a0 101 sobre parcelas de bases<\/a><\/div>\n<div><br \/><a href=\"https:\/\/www.gihemar.com\/pdf\/concentracion\/ALGAR\/ACUERDO\/Plano 4.- P-102.pdf\">POL\u00cdGONO 102<\/a><\/div>\n<div>\u00a0<\/div>\n<div><a href=\"https:\/\/www.gihemar.com\/pdf\/concentracion\/ALGAR\/ACUERDO\/Plano 5.- P-102 sobre planos de bases.pdf\" target=\"_blank\" rel=\"noopener\">POL\u00cdGONO 102 sobre parcelas de bases<\/a><\/div>\n<div><br \/><a href=\"https:\/\/www.gihemar.com\/pdf\/concentracion\/ALGAR\/ACUERDO\/Plano 7.- P-GENERAL.pdf\" target=\"_blank\" rel=\"noopener\">POL\u00cdGONO GENERAL<\/a><\/div>\n<p>\u00a0<\/p>\n<div>\u00a0<\/div>\n<div>\u00a0<\/div>\n<p>\u00a0<\/p>\n<hr \/>\n<h2>BASES<\/h2>\n<p><a href=\"https:\/\/www.gihemar.com\/pdf\/concentracion\/ALGAR\/APROBACION BASES.pdf\" target=\"_blank\" rel=\"noopener\">Publicaci\u00f3n<\/a><strong>: <\/strong>Por Resoluci\u00f3n de 07\/09\/2016, de la Direcci\u00f3n Provincial de Agricultura, Medio Ambiente y Desarrollo Rural de<br \/>Guadalajara, por la que se ordena la publicaci\u00f3n del aviso relativo a la Resoluci\u00f3n de la Direcci\u00f3n General de Desarrollo Rural de 17\/08\/2016, por la que se aprueban las bases de la concentraci\u00f3n parcelaria de car\u00e1cter privado de la zona de Algar de Mesa, t\u00e9rmino municipal de Algar de Mesa (Guadalajara).<\/p>\n<p><a href=\"http:\/\/PUBLICACION BASES 2023.pdf\" target=\"_blank\" rel=\"noopener\">Publicaci\u00f3n:<\/a> Mediante Anuncio de 20\/12\/2023, de la Delegaci\u00f3n Provincial de Agricultura, Ganader\u00eda y Desarrollo Rural de Guadalajara, por la que se publica la Resoluci\u00f3n de la Direcci\u00f3n General de Desarrollo Rural de 19\/12\/2023, por la que modifican las bases de la concentraci\u00f3n parcelaria de car\u00e1cter privado de la zona de Algar de Mesa, t\u00e9rmino municipal de Algar de Mesa (Guadalajara)<strong>.<\/strong><\/p>\n<p><strong><em>PLANOS DE BASES DE CONCENTRACI\u00d3N<\/em><\/strong><\/p>\n<p>\u00a0<\/p>\n<p><em><a href=\"https:\/\/www.gihemar.com\/pdf\/concentracion\/ALGAR\/POL_1.pdf\">Pol\u00edgono 1<\/a><\/em><\/p>\n<p>\u00a0<\/p>\n<p><a href=\"https:\/\/www.gihemar.com\/pdf\/concentracion\/ALGAR\/POL_2.pdf\"><em>Pol\u00edgono 2<\/em><\/a><\/p>\n<p>\u00a0<\/p>\n<p><a href=\"https:\/\/www.gihemar.com\/pdf\/concentracion\/ALGAR\/POL_3.pdf\"><em>Pol\u00edgono 3<\/em><\/a><\/p>\n<p>\u00a0<\/p>\n<p><a href=\"https:\/\/www.gihemar.com\/pdf\/concentracion\/ALGAR\/POL_4.pdf\"><em>Pol\u00edgono 4<\/em><\/a><\/p>\n<p>\u00a0<\/p>\n<p><a href=\"https:\/\/www.gihemar.com\/pdf\/concentracion\/ALGAR\/POL_5.pdf\"><em>Pol\u00edgono 5<\/em><\/a><\/p>\n<p>\u00a0<\/p>\n<p><a href=\"https:\/\/www.gihemar.com\/pdf\/concentracion\/ALGAR\/POL_6.pdf\"><em>Pol\u00edgono 6<\/em><\/a><\/p>\n<p>\u00a0<\/p>\n<hr \/>\n<h2>AMOJONAMIENTO<\/h2>\n<div>\u00a0<\/div>\n<div>\u00a0<\/div>\n<div>\u00a0<\/div>\n<div>\u00a0<\/div>\n<p>\u00a0<\/p>\n<hr \/>\n<h2>CLASIFICACI\u00d3N<\/h2>\n<p>\u00a0<\/p>\n<p>A continuaci\u00f3n puede consultar los planos con las parcelas incluidas dentro del proceso de concentraci\u00f3n, y su clasificaci\u00f3n:<\/p>\n<p><!-- \/wp:paragraph --><!-- wp:paragraph --><\/p>\n<p><strong>La clasificaci\u00f3n del T\u00e9rmino Municipal se ha llevado a cabo en la primavera del 2012.<\/strong><\/p>\n<p><!-- \/wp:paragraph --><!-- wp:paragraph --><\/p>\n<p><strong><a href=\"https:\/\/www.gihemar.com\/pdf\/concentracion\/ALGAR\/GENERAL.pdf\">Plano General con Clasificaci\u00f3n.<\/a><\/strong><\/p>\n<p><!-- \/wp:paragraph --><!-- wp:paragraph --><\/p>\n<p>\u00a0<\/p>\n<p>Para llevar a cabo la clasificaci\u00f3n de tierras de la zona de ALGAR DE MESA, han sido fijados por la Junta de Clasificaci\u00f3n OCHO clases, en las que han sido clasificadas todas las parcelas de la zona incluidas en concentraci\u00f3n.<\/p>\n<p><!-- \/wp:paragraph --><!-- wp:table --><\/p>\n<figure>\n<table>\n<tbody>\n<tr>\n<td><strong>CLASE<\/strong><\/td>\n<td><strong>COEFICIENTE (puntos\/m2)<\/strong><\/td>\n<td><strong>POL<\/strong><\/td>\n<td><strong>PARC<\/strong><\/td>\n<\/tr>\n<tr>\n<td>I<\/td>\n<td>1<\/td>\n<td>3<\/td>\n<td>115<\/td>\n<\/tr>\n<tr>\n<td>II<\/td>\n<td>0.85<\/td>\n<td>3<\/td>\n<td>58<\/td>\n<\/tr>\n<tr>\n<td>III<\/td>\n<td>0.75<\/td>\n<td>3<\/td>\n<td>34<\/td>\n<\/tr>\n<tr>\n<td>IV<\/td>\n<td>1<\/td>\n<td>1<\/td>\n<td>558<\/td>\n<\/tr>\n<tr>\n<td>V<\/td>\n<td>0.85<\/td>\n<td>2<\/td>\n<td>63<\/td>\n<\/tr>\n<tr>\n<td>VI<\/td>\n<td>0.70<\/td>\n<td>2<\/td>\n<td>203<\/td>\n<\/tr>\n<tr>\n<td>VII<\/td>\n<td>0.55<\/td>\n<td>6<\/td>\n<td>23<\/td>\n<\/tr>\n<tr>\n<td>VIII<\/td>\n<td>0.3<\/td>\n<td>4<\/td>\n<td>12<\/td>\n<\/tr>\n<\/tbody>\n<\/table>\n<\/figure>\n<p><!-- \/wp:table --><!-- wp:paragraph --><\/p>\n<p>\u00a0<\/p>\n<p><!-- \/wp:paragraph --><!-- wp:paragraph --><\/p>\n<p><strong>\u00a0<\/strong><\/p>\n<p><strong><em>\u00a0<\/em><\/strong><\/p>\n<p><strong><em>\u00a0<\/em><\/strong><\/p>\n<p><strong><em>\u00a0<\/em><\/strong><\/p>\n<p><strong><em>\u00a0<\/em><\/strong><\/p>\n<p><strong><em>\u00a0<\/em><\/strong><\/p>\n<p><!-- \/wp:paragraph --><!-- wp:paragraph --><\/p>\n<p>\u00a0<\/p>\n<p><!-- \/wp:paragraph --><!-- wp:paragraph --><\/p>\n<p>\u00a0<\/p>\n<p><!-- \/wp:paragraph --><!-- wp:paragraph --><\/p>\n<p><strong>* * * * *\u00a0 * * * *\u00a0 *<\/strong><\/p>\n<p><!-- \/wp:paragraph --><!-- wp:paragraph --><\/p>\n<p>\u00a0<\/p>\n<p><!-- \/wp:paragraph --><!-- wp:paragraph --><\/p>\n<p><strong>\u00b7 Presentaci\u00f3n de la Solicitud:<\/strong> 26\/02\/2010<\/p>\n<p>\u00a0<\/p>\n<p><strong>\u00b7 Resoluci\u00f3n Aprobatoria:<\/strong> 19\/10\/2010<\/p>\n<p>\u00a0<\/p>\n<p><strong>\u00b7 <\/strong><strong>Publicaci\u00f3n Resoluci\u00f3n:<\/strong> 10\/11\/2010 D.O.C.M n\u00ba 217<\/p>\n<p>\u00a0<\/p>\n<p><!-- \/wp:paragraph --><\/p>\n<p>\u00a0<\/p><\/div>\n\t\t\t\t<\/div>\n\t\t\t\t<\/div>\n\t\t\t\t\t<\/div>\n\t\t<\/div>\n\t\t\t\t\t\t\t<\/div>\n\t\t<\/section>\n\t\t\t\t\t\t<\/div>\n\t\t\t\t\t<\/div>\n\t\t","protected":false},"excerpt":{"rendered":"<p>Promotor: . Asociaci\u00f3n Concentraci\u00f3n Parcelaria de Algar de Mesa. \u00b7 T\u00e9cnicos: Jes\u00fas Herrero Aragoneses- jherrero@gihemar.com \u00c1ngel Cano Sanz &#8211; acano@gihemar.com Rebeca Piquero Rodr\u00edguez &#8211; rebeca@gihemar.com \u00a0 \u00a0 ACUERDO Publicaci\u00f3n: Por Resoluci\u00f3n de 24\/07\/2025, de la Direcci\u00f3n General de Desarrollo Rural de Guadalajara, se aprueba el acuerdo de concentraci\u00f3n parcelaria de car\u00e1cter privado de la zona [&hellip;]<\/p>\n","protected":false},"author":2,"featured_media":0,"parent":0,"menu_order":0,"comment_status":"closed","ping_status":"closed","template":"","meta":{"footnotes":""},"class_list":["post-113","page","type-page","status-publish","hentry"],"_links":{"self":[{"href":"https:\/\/www.gihemar.com\/web3\/index.php\/wp-json\/wp\/v2\/pages\/113","targetHints":{"allow":["GET"]}}],"collection":[{"href":"https:\/\/www.gihemar.com\/web3\/index.php\/wp-json\/wp\/v2\/pages"}],"about":[{"href":"https:\/\/www.gihemar.com\/web3\/index.php\/wp-json\/wp\/v2\/types\/page"}],"author":[{"embeddable":true,"href":"https:\/\/www.gihemar.com\/web3\/index.php\/wp-json\/wp\/v2\/users\/2"}],"replies":[{"embeddable":true,"href":"https:\/\/www.gihemar.com\/web3\/index.php\/wp-json\/wp\/v2\/comments?post=113"}],"version-history":[{"count":13,"href":"https:\/\/www.gihemar.com\/web3\/index.php\/wp-json\/wp\/v2\/pages\/113\/revisions"}],"predecessor-version":[{"id":901,"href":"https:\/\/www.gihemar.com\/web3\/index.php\/wp-json\/wp\/v2\/pages\/113\/revisions\/901"}],"wp:attachment":[{"href":"https:\/\/www.gihemar.com\/web3\/index.php\/wp-json\/wp\/v2\/media?parent=113"}],"curies":[{"name":"wp","href":"https:\/\/api.w.org\/{rel}","templated":true}]}}