{"id":119,"date":"2021-03-13T10:13:00","date_gmt":"2021-03-13T10:13:00","guid":{"rendered":"https:\/\/www.gihemar.com\/web3\/?page_id=119"},"modified":"2026-02-23T12:46:54","modified_gmt":"2026-02-23T12:46:54","slug":"carrascosa-de-tajo","status":"publish","type":"page","link":"https:\/\/www.gihemar.com\/web3\/index.php\/carrascosa-de-tajo\/","title":{"rendered":"Carrascosa de Tajo"},"content":{"rendered":"\t\t<div data-elementor-type=\"wp-page\" data-elementor-id=\"119\" class=\"elementor elementor-119\" data-elementor-settings=\"[]\">\n\t\t\t\t\t\t\t<div class=\"elementor-section-wrap\">\n\t\t\t\t\t\t\t<section class=\"elementor-section elementor-top-section elementor-element elementor-element-18ffb7d0 elementor-section-boxed elementor-section-height-default elementor-section-height-default\" data-id=\"18ffb7d0\" data-element_type=\"section\">\n\t\t\t\t\t\t<div class=\"elementor-container elementor-column-gap-default\">\n\t\t\t\t\t<div class=\"elementor-column elementor-col-100 elementor-top-column elementor-element elementor-element-70c69820\" data-id=\"70c69820\" data-element_type=\"column\">\n\t\t\t<div class=\"elementor-widget-wrap elementor-element-populated\">\n\t\t\t\t\t\t\t\t<div class=\"elementor-element elementor-element-13535917 elementor-widget elementor-widget-text-editor\" data-id=\"13535917\" data-element_type=\"widget\" data-widget_type=\"text-editor.default\">\n\t\t\t\t<div class=\"elementor-widget-container\">\n\t\t\t\t\t<div class=\"elementor-text-editor elementor-clearfix\"><h2><strong>Promotor:<\/strong> ASOCIACI\u00d3N CULTURAL CARRASCA DE LA CRUZ.<\/h2>\n<p><!-- \/wp:heading --><!-- wp:paragraph --><\/p>\n<p><strong>\u00b7 T\u00e9cnicos:<\/strong><\/p>\n<p><!-- \/wp:paragraph --><!-- wp:paragraph --><\/p>\n<p>Jes\u00fas Herrero Aragoneses- <a href=\"mailto:acano@gihemar.com\">jherrero@gihemar.com<\/a><\/p>\n<p><!-- \/wp:paragraph --><!-- wp:paragraph --><\/p>\n<p>\u00c1ngel Cano Sanz &#8211; <a href=\"mailto:acano@gihemar.com\">acano@gihemar.com<\/a><\/p>\n<p><!-- \/wp:paragraph --><!-- wp:paragraph --><\/p>\n<p>Rebeca Piquero Rodr\u00edguez &#8211; <a href=\"http:\/\/mce_host\/web1\/mail%20to:%20rebeca@gihemar.com\">rebeca@gihemar.com<\/a><\/p>\n<p>\u00a0<\/p>\n<hr \/>\n<h2>ACUERDO<\/h2>\n<div>\n<p><strong>Publicaci\u00f3n:\u00a0<\/strong>Por Resoluci\u00f3n de 24\/02\/2026, de la Direcci\u00f3n General de Desarrollo Rural de Guadalajara, se aprueba el acuerdo de concentraci\u00f3n parcelaria de car\u00e1cter privado de la zona de Carrascosa de Tajo, T\u00e9rmino Municipal de Cifuentes.<\/p>\n<h1 style=\"text-align: center;\"><strong>PLANOS<\/strong><\/h1>\n<p><a href=\"http:\/\/gihemar.com\/pdf\/concentracion\/CARRASCOSA\/ACUERDO\/P-101.pdf\" target=\"_blank\" rel=\"noopener\">POL\u00cdGONO 101<\/a><\/p>\n<p><a href=\"http:\/\/gihemar.com\/pdf\/concentracion\/CARRASCOSA\/ACUERDO\/P-101_sobre bases y gama de colores.pdf\" data-wplink-url-error=\"true\">POL\u00cdGONO\u00a0 101 sobre parcelas de bases<\/a><\/p>\n<p><a href=\"http:\/\/gihemar.com\/pdf\/concentracion\/CARRASCOSA\/ACUERDO\/P-102.pdf\">POL\u00cdGONO 102<\/a><\/p>\n<p><a href=\"http:\/\/gihemar.com\/pdf\/concentracion\/CARRASCOSA\/ACUERDO\/P-102_sobre bases y gama de colores.pdf\" data-wplink-url-error=\"true\">POL\u00cdGONO 102 sobre parcelas de bases<\/a><\/p>\n<p><a href=\"http:\/\/gihemar.com\/pdf\/concentracion\/CARRASCOSA\/ACUERDO\/P-103.pdf\">POL\u00cdGONO 103<\/a><\/p>\n<p><a href=\"http:\/\/gihemar.com\/pdf\/concentracion\/CARRASCOSA\/ACUERDO\/P-103_sobre bases y gama de colores.pdf\" data-wplink-url-error=\"true\">POL\u00cdGONO 103 sobre parcelas de bases<\/a><\/p>\n<p style=\"text-align: center;\"><a href=\"http:\/\/gihemar.com\/pdf\/concentracion\/CARRASCOSA\/ACUERDO\/GENERAL_ACUERDO.pdf\" target=\"_blank\" rel=\"noopener\">POL\u00cdGONO GENERAL<\/a><\/p>\n<hr \/><\/div>\n<div><hr \/>\n<h2>BASES<\/h2>\n<\/div>\n<p><strong>\u00a0<\/strong><a href=\"http:\/\/gihemar.com\/pdf\/concentracion\/CARRASCOSA\/Aprobacion_Bases_DOCM.pdf\" target=\"_blank\" rel=\"noopener\">Publicaci\u00f3n<\/a><strong>: Resoluci\u00f3n de 07\/09\/2016, de la Direcci\u00f3n Provincial de Agricultura, Medio Ambiente y Desarrollo Rural de Guadalajara, por la que se ordena la publicaci\u00f3n del aviso relativo a la Resoluci\u00f3n de la Direcci\u00f3n General de Desarrollo Rural de 02\/08\/2016, por la que se aprueban las bases de la concentraci\u00f3n parcelaria de car\u00e1cter privado de la zona de Carrascosa de Tajo, t\u00e9rmino municipal de Cifuentes (Guadalajara). <br \/><\/strong><\/p>\n<p><a href=\"http:\/\/gihemar.com\/pdf\/concentracion\/CARRASCOSA\/7 APROBACION BASES DEFINITIVAS.pdf\" target=\"_blank\" rel=\"noopener\">Publicaci\u00f3n<\/a><strong>: Anuncio de 27\/06\/2022, de la Delegaci\u00f3n Provincial de Agricultura, Agua y Desarrollo Rural de Guadalajara, por el que se ordena la publicaci\u00f3n de la Resoluci\u00f3n de 17\/06\/2022, de la Direcci\u00f3n General de Desarrollo Rural, por la que se modifican las bases de la concentraci\u00f3n parcelar\u00eda de car\u00e1cter privado de la zona de Carrascosa de Tajo, t\u00e9rmino municipal de Cifuentes (Guadalajara).<br \/><\/strong><\/p>\n<p>\u00a0<\/p>\n<p>\u00a0PLANOS BASES DE CONCENTRACI\u00d3N<\/p>\n<p>\u00a0<\/p>\n<p><a href=\"http:\/\/gihemar.com\/pdf\/concentracion\/CARRASCOSA\/POL_1.pdf\">Pol\u00edgono 1<\/a><\/p>\n<p>\u00a0<\/p>\n<p><a href=\"http:\/\/gihemar.com\/pdf\/concentracion\/CARRASCOSA\/POL_2.pdf\">Pol\u00edgono 2<\/a><\/p>\n<p>\u00a0<\/p>\n<p><a href=\"http:\/\/gihemar.com\/pdf\/concentracion\/CARRASCOSA\/POL_3.pdf\">Pol\u00edgono 3<\/a><\/p>\n<p>\u00a0<\/p>\n<p><a href=\"http:\/\/gihemar.com\/pdf\/concentracion\/CARRASCOSA\/POL_4.pdf\">Pol\u00edgono 4<\/a><\/p>\n<p>\u00a0<\/p>\n<p><a href=\"http:\/\/gihemar.com\/pdf\/concentracion\/CARRASCOSA\/POL_5.pdf\">Pol\u00edgono 5<\/a><\/p>\n<p>\u00a0<\/p>\n<p><a href=\"http:\/\/gihemar.com\/pdf\/concentracion\/CARRASCOSA\/POL_6.pdf\">Pol\u00edgono 6<\/a><\/p>\n<p>\u00a0<\/p>\n<div>\u00a0<\/div>\n<div><hr \/>\n<h2>CLASIFICACI\u00d3N<\/h2>\n<\/div>\n<p><!-- \/wp:paragraph --><!-- wp:paragraph --><\/p>\n<p><strong>La clasificaci\u00f3n del T\u00e9rmino Municipal se ha llevado a cabo en la primavera del 2012.<\/strong><\/p>\n<p><!-- \/wp:paragraph --><!-- wp:paragraph --><\/p>\n<p><strong>\u00b7 Planos:<\/strong><strong><a href=\"http:\/\/gihemar.com\/pdf\/concentracion\/CARRASCOSA\/PLANO_GENERAL\"> General con Clasifiaci\u00f3n<\/a><a href=\"http:\/\/gihemar.com\/pdf\/\/concentracion\/HUETOS\/GENERAL\">.<\/a><\/strong><\/p>\n<p><!-- \/wp:paragraph --><!-- wp:paragraph --><\/p>\n<p>Para llevar a cabo la clasificaci\u00f3n de tierras de la zona de Carrascosa de Tajo, han sido fijados por la Junta de Clasificaci\u00f3n SIETE clases, en las que han sido clasificadas todas las parcelas de la zona incluidas en concentraci\u00f3n:<\/p>\n<p><!-- \/wp:paragraph --><!-- wp:table --><\/p>\n<figure>\n<table>\n<tbody>\n<tr>\n<td><strong>CLASE<\/strong><\/td>\n<td><strong>COEFICIENTE (puntos\/m2)<\/strong><\/td>\n<td><strong>POL<\/strong><\/td>\n<td><strong>PARC<\/strong><\/td>\n<\/tr>\n<tr>\n<td>I<\/td>\n<td>1<\/td>\n<td>4<\/td>\n<td>274<\/td>\n<\/tr>\n<tr>\n<td>II<\/td>\n<td>0.90<\/td>\n<td>4<\/td>\n<td>302<\/td>\n<\/tr>\n<tr>\n<td>III<\/td>\n<td>0.80<\/td>\n<td>4<\/td>\n<td>46<\/td>\n<\/tr>\n<tr>\n<td>IV<\/td>\n<td>0.70<\/td>\n<td>2<\/td>\n<td>259<\/td>\n<\/tr>\n<tr>\n<td>V<\/td>\n<td>0.60<\/td>\n<td>1<\/td>\n<td>363<\/td>\n<\/tr>\n<tr>\n<td>VI<\/td>\n<td>0.40<\/td>\n<td>2<\/td>\n<td>481<\/td>\n<\/tr>\n<tr>\n<td>VII<\/td>\n<td>0.15<\/td>\n<td>6<\/td>\n<td>181<\/td>\n<\/tr>\n<\/tbody>\n<\/table>\n<\/figure>\n<p><!-- \/wp:table --><!-- wp:paragraph --><\/p>\n<p>\u00a0<\/p>\n<p><!-- \/wp:paragraph --><!-- wp:paragraph --><\/p>\n<p><strong>\u00a0<\/strong><\/p>\n<p><strong>\u00a0<\/strong><\/p>\n<p><strong>\u00a0<\/strong><\/p>\n<p>\u00a0<\/p>\n<p><strong>\u00b7 Presentaci\u00f3n de la Solicitud:<\/strong> 25 &#8211; febrero &#8211; 2011<\/p>\n<p>\u00a0<\/p>\n<p><strong>\u00b7 Resoluci\u00f3n Aprobatoria:<\/strong> 22 &#8211; FEBRERO &#8211; 2012 por la Direcci\u00f3n General de Infraestructuras y Desarrollo Rural.<\/p>\n<p>\u00a0<\/p>\n<p><strong>\u00b7 <\/strong><strong>Publicaci\u00f3n Resoluci\u00f3n:<\/strong> 15 &#8211; marzo &#8211; 2012, D.O.C.M. n\u00ba 55<\/p>\n<p><strong>\u00a0<\/strong><\/p>\n<p><strong>\u00a0<\/strong><\/p>\n<p><!-- \/wp:paragraph --><\/p>\n<p>\u00ba<\/p><\/div>\n\t\t\t\t<\/div>\n\t\t\t\t<\/div>\n\t\t\t\t\t<\/div>\n\t\t<\/div>\n\t\t\t\t\t\t\t<\/div>\n\t\t<\/section>\n\t\t\t\t\t\t<\/div>\n\t\t\t\t\t<\/div>\n\t\t","protected":false},"excerpt":{"rendered":"<p>Promotor: ASOCIACI\u00d3N CULTURAL CARRASCA DE LA CRUZ. \u00b7 T\u00e9cnicos: Jes\u00fas Herrero Aragoneses- jherrero@gihemar.com \u00c1ngel Cano Sanz &#8211; acano@gihemar.com Rebeca Piquero Rodr\u00edguez &#8211; rebeca@gihemar.com \u00a0 ACUERDO Publicaci\u00f3n:\u00a0Por Resoluci\u00f3n de 24\/02\/2026, de la Direcci\u00f3n General de Desarrollo Rural de Guadalajara, se aprueba el acuerdo de concentraci\u00f3n parcelaria de car\u00e1cter privado de la zona de Carrascosa de Tajo, [&hellip;]<\/p>\n","protected":false},"author":2,"featured_media":0,"parent":0,"menu_order":0,"comment_status":"closed","ping_status":"closed","template":"","meta":{"footnotes":""},"class_list":["post-119","page","type-page","status-publish","hentry"],"_links":{"self":[{"href":"https:\/\/www.gihemar.com\/web3\/index.php\/wp-json\/wp\/v2\/pages\/119","targetHints":{"allow":["GET"]}}],"collection":[{"href":"https:\/\/www.gihemar.com\/web3\/index.php\/wp-json\/wp\/v2\/pages"}],"about":[{"href":"https:\/\/www.gihemar.com\/web3\/index.php\/wp-json\/wp\/v2\/types\/page"}],"author":[{"embeddable":true,"href":"https:\/\/www.gihemar.com\/web3\/index.php\/wp-json\/wp\/v2\/users\/2"}],"replies":[{"embeddable":true,"href":"https:\/\/www.gihemar.com\/web3\/index.php\/wp-json\/wp\/v2\/comments?post=119"}],"version-history":[{"count":24,"href":"https:\/\/www.gihemar.com\/web3\/index.php\/wp-json\/wp\/v2\/pages\/119\/revisions"}],"predecessor-version":[{"id":929,"href":"https:\/\/www.gihemar.com\/web3\/index.php\/wp-json\/wp\/v2\/pages\/119\/revisions\/929"}],"wp:attachment":[{"href":"https:\/\/www.gihemar.com\/web3\/index.php\/wp-json\/wp\/v2\/media?parent=119"}],"curies":[{"name":"wp","href":"https:\/\/api.w.org\/{rel}","templated":true}]}}