{"id":133,"date":"2021-03-13T10:14:14","date_gmt":"2021-03-13T10:14:14","guid":{"rendered":"https:\/\/www.gihemar.com\/web3\/?page_id=133"},"modified":"2021-03-15T15:05:44","modified_gmt":"2021-03-15T15:05:44","slug":"las-inviernas","status":"publish","type":"page","link":"https:\/\/www.gihemar.com\/web3\/index.php\/las-inviernas\/","title":{"rendered":"Las Inviernas"},"content":{"rendered":"\n<figure class=\"wp-block-table\"><table><tbody><tr><td>Las Inviernas<\/td><td><a href=\"..\/www-new\/index.php?view=article&amp;catid=22%3Aguadalajara&amp;id=40%3Alas-inviernas&amp;format=pdf&amp;option=com_content&amp;Itemid=59\"><\/a><\/td><td><a href=\"..\/www-new\/index.php?view=article&amp;catid=22%3Aguadalajara&amp;id=40%3Alas-inviernas&amp;tmpl=component&amp;print=1&amp;layout=default&amp;page=&amp;option=com_content&amp;Itemid=59\"><\/a><\/td><td><a href=\"..\/www-new\/index.php?option=com_mailto&amp;tmpl=component&amp;link=aHR0cDovL3d3dy5naWhlbWFyLmNvbS93d3ctbmV3L2luZGV4LnBocD9vcHRpb249Y29tX2NvbnRlbnQmdmlldz1hcnRpY2xlJmlkPTQwOmxhcy1pbnZpZXJuYXMmY2F0aWQ9MjI6Z3VhZGFsYWphcmEmSXRlbWlkPTU5\"><\/a><\/td><\/tr><\/tbody><\/table><\/figure>\n\n\n\n<h2 class=\"wp-block-heading\"><img loading=\"lazy\" decoding=\"async\" alt=\" \" src=\"..\/www-new\/pdf\/concentracion\/LASINVIERNAS\/foto.JPG\" width=\"200\" height=\"150\">Las Inviernas<\/h2>\n\n\n\n<p>\u00b7 <strong>Promotor:<\/strong> Asociaci\u00f3n de Agricultores, Ganaderos y Propietarios de Fincas R\u00fasticas de Las Inviernas<\/p>\n\n\n\n<p><strong>\u00b7 T\u00e9cnico: <\/strong>\u00c1ngel Cano Sanz &#8211; <a href=\"mailto:acano@gihemar.com\">acano@gihemar.com<\/a> Esta direcci\u00f3n electr\u00f3nica esta protegida contra spam bots. Necesita activar JavaScript para visualizarla<\/p>\n\n\n\n<p><strong>\u00b7 Presentaci\u00f3n de la Solicitud:<\/strong> 28 &#8211; febrero &#8211; 2003<\/p>\n\n\n\n<p><strong>\u00b7 Resoluci\u00f3n Aprobatoria:<\/strong> 17 &#8211; diciembre &#8211; 2003 por la Direcci\u00f3n General de Producci\u00f3n Agropecuaria<\/p>\n\n\n\n<p><strong>\u00b7 <\/strong><strong>Publicaci\u00f3n Resoluci\u00f3n:<\/strong> 29 &#8211; diciembre &#8211; 2003, <a href=\"..\/pdf\/concentracion\/LAS_INVIERNAS\/docm182.pdf\">D.O.C.M. n\u00ba 182<\/a><\/p>\n\n\n\n<p><strong>PLANOS DE AMOJONAMIENTO<\/strong><\/p>\n\n\n\n<p><a href=\"https:\/\/www.gihemar.com\/\/cartodigital\/gis\/temp\/LasInviernas\/P_101.pdf\">Pol\u00edgono 101<\/a>&nbsp;&nbsp;&nbsp;&nbsp; <a href=\"https:\/\/www.gihemar.com\/pdf\/concentracion\/LAS_INVIERNAS\/AMOJONAMIENTO\/POLIGONO_102.pdf\">Pol\u00edgono 102<\/a>&nbsp;&nbsp;&nbsp;&nbsp; <a href=\"https:\/\/www.gihemar.com\/pdf\/concentracion\/LAS_INVIERNAS\/AMOJONAMIENTO\/POLIGONO_103.pdf\">Pol\u00edgono 103<\/a>&nbsp;&nbsp;&nbsp;&nbsp; <a href=\"https:\/\/www.gihemar.com\/pdf\/concentracion\/LAS_INVIERNAS\/AMOJONAMIENTO\/POLIGONO_104.pdf\">Pol\u00edgono 104<\/a>&nbsp;&nbsp;&nbsp;&nbsp; <a href=\"https:\/\/www.gihemar.com\/pdf\/concentracion\/LAS_INVIERNAS\/AMOJONAMIENTO\/POLIGONO_105.pdf\">Pol\u00edgono 105<\/a><\/p>\n\n\n\n<p><a href=\"https:\/\/www.gihemar.com\/pdf\/concentracion\/LAS_INVIERNAS\/AMOJONAMIENTO\/POLIGONO_106.pdf\">Pol\u00edgono 106<\/a>&nbsp;&nbsp;&nbsp;&nbsp; <a href=\"https:\/\/www.gihemar.com\/pdf\/concentracion\/LAS_INVIERNAS\/AMOJONAMIENTO\/POLIGONO_107.pdf\">Pol\u00edgono 107<\/a>&nbsp;&nbsp;&nbsp;&nbsp; <a href=\"https:\/\/www.gihemar.com\/pdf\/concentracion\/LAS_INVIERNAS\/AMOJONAMIENTO\/POLIGONO_108.pdf\">Pol\u00edgono 108<\/a>&nbsp;&nbsp;&nbsp;&nbsp; <a href=\"https:\/\/www.gihemar.com\/pdf\/concentracion\/LAS_INVIERNAS\/AMOJONAMIENTO\/POLIGONO_109.pdf\">Pol\u00edgono 109<\/a>&nbsp;&nbsp;&nbsp;&nbsp;&nbsp;<a href=\"https:\/\/www.gihemar.com\/pdf\/concentracion\/LAS_INVIERNAS\/AMOJONAMIENTO\/POLIGONO_110.pdf\">Pol\u00edgono 110<\/a><\/p>\n\n\n\n<p><a href=\"https:\/\/www.gihemar.com\/pdf\/concentracion\/LAS_INVIERNAS\/AMOJONAMIENTO\/POLIGONO_111.pdf\">Pol\u00edgono 111<\/a>&nbsp;&nbsp;&nbsp;&nbsp; <a href=\"https:\/\/www.gihemar.com\/pdf\/concentracion\/LAS_INVIERNAS\/AMOJONAMIENTO\/POLIGONO_112.pdf\">Pol\u00edgono 112<\/a>&nbsp;&nbsp;&nbsp;&nbsp; <a href=\"https:\/\/www.gihemar.com\/pdf\/concentracion\/LAS_INVIERNAS\/AMOJONAMIENTO\/POLIGONO_113.pdf\">P\u00f4l\u00edgono 113<\/a>&nbsp;&nbsp;&nbsp;&nbsp; <a href=\"https:\/\/www.gihemar.com\/pdf\/concentracion\/LAS_INVIERNAS\/AMOJONAMIENTO\/POLIGONO_114.pdf\">Pol\u00edgono 114<\/a>&nbsp;&nbsp;&nbsp;&nbsp;&nbsp; <a href=\"https:\/\/www.gihemar.com\/pdf\/concentracion\/LAS_INVIERNAS\/AMOJONAMIENTO\/POLIGONO_115.pdf\">Pol\u00edgono 115<\/a><\/p>\n\n\n\n<p>\u00a0\u00a0<strong>ACUERDO DE CONCENTRACI\u00d3N<\/strong><\/p>\n\n\n\n<p><a href=\"https:\/\/www.gihemar.com\/pdf\/concentracion\/LAS_INVIERNAS\/ACUERDO\/POLIGONO_101\">Pol\u00edgono 101<\/a>\u00a0&#8211;\u00a0\u00a0<a href=\"https:\/\/www.gihemar.com\/pdf\/concentracion\/LAS_INVIERNAS\/ACUERDO\/POLIGONO_102\">Pol\u00edgono 102<\/a>\u00a0 &#8211;\u00a0<a href=\"https:\/\/www.gihemar.com\/pdf\/concentracion\/LAS_INVIERNAS\/ACUERDO\/POLIGONO_103\">Pol\u00edgono 103<\/a>\u00a0&#8211;\u00a0<a href=\"https:\/\/www.gihemar.com\/pdf\/concentracion\/LAS_INVIERNAS\/ACUERDO\/POLIGONO_104\">Pol\u00edgono 104<\/a>\u00a0&#8211;\u00a0<a href=\"https:\/\/www.gihemar.com\/pdf\/concentracion\/LAS_INVIERNAS\/ACUERDO\/POLIGONO_105\">Pol\u00edgono 105<\/a>\u00a0&#8211;\u00a0<\/p>\n\n\n\n<p><a href=\"https:\/\/www.gihemar.com\/pdf\/concentracion\/LAS_INVIERNAS\/ACUERDO\/POLIGONO_106\">Pol\u00edgono 106<\/a>\u00a0&#8211;\u00a0<a href=\"https:\/\/www.gihemar.com\/pdf\/concentracion\/LAS_INVIERNAS\/ACUERDO\/POLIGONO_107\">Pol\u00edgono 107<\/a>\u00a0&#8211;\u00a0<a href=\"https:\/\/www.gihemar.com\/pdf\/concentracion\/LAS_INVIERNAS\/ACUERDO\/POLIGONO_108\">Pol\u00edgono 108<\/a>\u00a0&#8211;\u00a0<a href=\"https:\/\/www.gihemar.com\/pdf\/concentracion\/LAS_INVIERNAS\/ACUERDO\/POLIGONO_109\">Pol\u00edgono 109<\/a>\u00a0&#8211;\u00a0<a href=\"https:\/\/www.gihemar.com\/pdf\/concentracion\/LAS_INVIERNAS\/ACUERDO\/POLIGONO_110\">Pol\u00edgono 110<\/a>\u00a0&#8211;\u00a0<\/p>\n\n\n\n<p><a href=\"https:\/\/www.gihemar.com\/pdf\/concentracion\/LAS_INVIERNAS\/ACUERDO\/POLIGONO_111\">Pol\u00edgono 111<\/a>\u00a0&#8211;\u00a0<a href=\"https:\/\/www.gihemar.com\/pdf\/concentracion\/LAS_INVIERNAS\/ACUERDO\/POLIGONO_112\">Pol\u00edgono 112<\/a>\u00a0&#8211;\u00a0<a href=\"https:\/\/www.gihemar.com\/pdf\/concentracion\/LAS_INVIERNAS\/ACUERDO\/POLIGONO_113\">Pol\u00edgono 113<\/a>\u00a0&#8211;\u00a0<a href=\"https:\/\/www.gihemar.com\/pdf\/concentracion\/LAS_INVIERNAS\/ACUERDO\/POLIGONO_114\">Pol\u00edgono 114<\/a>\u00a0&#8211;\u00a0<a href=\"https:\/\/www.gihemar.com\/pdf\/concentracion\/LAS_INVIERNAS\/ACUERDO\/POLIGONO_115\">Pol\u00edgono 115<\/a><\/p>\n\n\n\n<p>&nbsp;&nbsp;<strong>ACUERDO DE CONCENTRACI\u00d3N<\/strong><\/p>\n\n\n\n<p>RESOLUCI\u00d3N APROBATORIA: <strong>1 &#8211; JUNIO- 2010<\/strong> de la Direcci\u00f3n General de Desarrollo Rural.<\/p>\n\n\n\n<p>&#8211; PUBLICACI\u00d3N RESOLUCI\u00d3N: <strong>18 de Junio del 2010<\/strong>. <a href=\"https:\/\/www.gihemar.com\/pdf\/concentracion\/LAS_INVIERNAS\/ACUERDO\/RESOLUCION\">D.O.C.M N\u00ba 123<\/a><\/p>\n\n\n\n<p>Los pasos seguidos hasta alcanzar el Acuerdo de concentraci\u00f3n son los siguientes:<\/p>\n\n\n\n<p>Esta direcci\u00f3n electr\u00f3nica esta protegida contra spam bots. Necesita activar JavaScript para visualizarla<\/p>\n\n\n\n<p><strong>\u00b7 <\/strong><strong>Promotor:<\/strong> Asociaci\u00f3n de Agricultores, Ganaderos y Propietarios de Fincas R\u00fasticas de Las Inviernas<br><br><strong>\u00b7 Presentaci\u00f3n de la Solicitud:<\/strong> 28 &#8211; febrero &#8211; 2003<\/p>\n\n\n\n<p><strong>\u00b7 Resoluci\u00f3n Aprobatoria:<\/strong> 17 &#8211; diciembre &#8211; 2003 por la Direcci\u00f3n General de Producci\u00f3n Agropecuaria<\/p>\n\n\n\n<p><strong>\u00b7 Publicaci\u00f3n Resoluci\u00f3n:<\/strong> 29 &#8211; diciembre &#8211; 2003, <a href=\"https:\/\/www.gihemar.com\/pdf\/concentracion\/LAS_INVIERNAS\/docm182.pdf\">D.O.C.M. n\u00ba 182<\/a><\/p>\n\n\n\n<p><br><strong>\u00b7 <\/strong><strong>Trabajos realizados a la fecha:<\/strong><br><br>INVESTIGACI\u00d3N DE LA PROPIEDAD<strong> &#8211; realizada<\/strong><\/p>\n\n\n\n<p>&#8211; DUPLICIDADES &#8211; <strong><em>resueltas<\/em><\/strong><\/p>\n\n\n\n<p><strong>CLASIFICACI\u00d3N DE TIERRAS<\/strong><em><strong> &#8211; COMPLETADA<\/strong><\/em><\/p>\n\n\n\n<p><strong>ENTREGA DE BASES<\/strong><\/p>\n\n\n\n<p>&#8211; PRESENTACI\u00d3N DE LAS BASES: <strong>2 &#8211; marzo &#8211; 2006<\/strong><\/p>\n\n\n\n<p>&#8211; RESOLUCI\u00d3N APROBATORIA: <strong>13 &#8211; NOVIEMBRE &#8211; 2006<\/strong><\/p>\n\n\n\n<p>&#8211; PUBLICACI\u00d3N RESOLUCI\u00d3N: <strong>1 &#8211; DICIEMBRE &#8211; 2006<\/strong> <a href=\"https:\/\/www.gihemar.com\/pdf\/concentracion\/LAS_INVIERNAS\/BASES_INVIERNAS.pdf\">D.O.C.M N\u00ba250<\/a><\/p>\n","protected":false},"excerpt":{"rendered":"<p>Las Inviernas Las Inviernas \u00b7 Promotor: Asociaci\u00f3n de Agricultores, Ganaderos y Propietarios de Fincas R\u00fasticas de Las Inviernas \u00b7 T\u00e9cnico: \u00c1ngel Cano Sanz &#8211; acano@gihemar.com Esta direcci\u00f3n electr\u00f3nica esta protegida contra spam bots. Necesita activar JavaScript para visualizarla \u00b7 Presentaci\u00f3n de la Solicitud: 28 &#8211; febrero &#8211; 2003 \u00b7 Resoluci\u00f3n Aprobatoria: 17 &#8211; diciembre &#8211; [&hellip;]<\/p>\n","protected":false},"author":2,"featured_media":0,"parent":0,"menu_order":0,"comment_status":"closed","ping_status":"closed","template":"","meta":{"footnotes":""},"class_list":["post-133","page","type-page","status-publish","hentry"],"_links":{"self":[{"href":"https:\/\/www.gihemar.com\/web3\/index.php\/wp-json\/wp\/v2\/pages\/133","targetHints":{"allow":["GET"]}}],"collection":[{"href":"https:\/\/www.gihemar.com\/web3\/index.php\/wp-json\/wp\/v2\/pages"}],"about":[{"href":"https:\/\/www.gihemar.com\/web3\/index.php\/wp-json\/wp\/v2\/types\/page"}],"author":[{"embeddable":true,"href":"https:\/\/www.gihemar.com\/web3\/index.php\/wp-json\/wp\/v2\/users\/2"}],"replies":[{"embeddable":true,"href":"https:\/\/www.gihemar.com\/web3\/index.php\/wp-json\/wp\/v2\/comments?post=133"}],"version-history":[{"count":12,"href":"https:\/\/www.gihemar.com\/web3\/index.php\/wp-json\/wp\/v2\/pages\/133\/revisions"}],"predecessor-version":[{"id":309,"href":"https:\/\/www.gihemar.com\/web3\/index.php\/wp-json\/wp\/v2\/pages\/133\/revisions\/309"}],"wp:attachment":[{"href":"https:\/\/www.gihemar.com\/web3\/index.php\/wp-json\/wp\/v2\/media?parent=133"}],"curies":[{"name":"wp","href":"https:\/\/api.w.org\/{rel}","templated":true}]}}